{"id":38,"date":"2023-07-19T19:51:15","date_gmt":"2023-07-19T18:51:15","guid":{"rendered":"https:\/\/genlamoureux.ca\/?page_id=38"},"modified":"2024-10-29T13:54:48","modified_gmt":"2024-10-29T13:54:48","slug":"accueil","status":"publish","type":"page","link":"https:\/\/genlamoureux.ca\/","title":{"rendered":"Bonjour!"},"content":{"rendered":"\n<div class=\"wp-block-cover alignfull\" style=\"min-height:600px;aspect-ratio:unset;\"><span aria-hidden=\"true\" class=\"wp-block-cover__background has-contrast-background-color has-background-dim-100 has-background-dim\"><\/span><div class=\"wp-block-cover__inner-container is-layout-flow wp-block-cover-is-layout-flow\">\n<div class=\"wp-block-group is-layout-flow wp-block-group-is-layout-flow\">\n<div style=\"height:80px\" aria-hidden=\"true\" class=\"wp-block-spacer\"><\/div>\n\n\n\n<div class=\"wp-block-columns are-vertically-aligned-center is-layout-flex wp-container-core-columns-is-layout-28f84493 wp-block-columns-is-layout-flex\">\n<div class=\"wp-block-column is-vertically-aligned-center is-layout-flow wp-block-column-is-layout-flow\" style=\"flex-basis:50%\">\n<figure class=\"wp-block-image aligncenter size-large is-resized\"><img loading=\"lazy\" decoding=\"async\" width=\"819\" height=\"1024\" src=\"https:\/\/genlamoureux.ca\/wp-content\/uploads\/2024\/10\/Gen-indiv-2-819x1024.jpg\" alt=\"\" class=\"wp-image-306\" style=\"width:445px;height:auto\" srcset=\"https:\/\/genlamoureux.ca\/wp-content\/uploads\/2024\/10\/Gen-indiv-2-819x1024.jpg 819w, https:\/\/genlamoureux.ca\/wp-content\/uploads\/2024\/10\/Gen-indiv-2-240x300.jpg 240w, https:\/\/genlamoureux.ca\/wp-content\/uploads\/2024\/10\/Gen-indiv-2-768x960.jpg 768w, https:\/\/genlamoureux.ca\/wp-content\/uploads\/2024\/10\/Gen-indiv-2-1229x1536.jpg 1229w, https:\/\/genlamoureux.ca\/wp-content\/uploads\/2024\/10\/Gen-indiv-2-1638x2048.jpg 1638w, https:\/\/genlamoureux.ca\/wp-content\/uploads\/2024\/10\/Gen-indiv-2-scaled.jpg 2048w\" sizes=\"auto, (max-width: 819px) 100vw, 819px\" \/><\/figure>\n<\/div>\n\n\n\n<div class=\"wp-block-column is-vertically-aligned-center is-layout-flow wp-block-column-is-layout-flow\" style=\"flex-basis:50%\">\n<div style=\"height:20px\" aria-hidden=\"true\" class=\"wp-block-spacer\"><\/div>\n\n\n\n<h1 class=\"wp-block-heading has-text-align-left has-neve-text-color-color has-text-color has-extra-large-font-size\">Je me pr\u00e9sente : <\/h1>\n\n\n\n<h1 class=\"wp-block-heading has-text-align-left has-neve-text-color-color has-text-color has-extra-large-font-size\">Genevi\u00e8ve Lamoureux,  chercheure, orthophoniste et personne qui b\u00e9gaie.<\/h1>\n\n\n\n<div class=\"wp-block-buttons is-content-justification-left is-layout-flex wp-container-core-buttons-is-layout-fc4fd283 wp-block-buttons-is-layout-flex\">\n<div class=\"wp-block-button is-style-primary\"><a class=\"wp-block-button__link has-contrast-color has-base-background-color has-text-color has-background wp-element-button\" href=\"https:\/\/genlamoureux.ca\/?page_id=163\" target=\"_blank\" rel=\"noreferrer noopener\">Me contacter<\/a><\/div>\n<\/div>\n<\/div>\n<\/div>\n\n\n\n<div style=\"height:40px\" aria-hidden=\"true\" class=\"wp-block-spacer\"><\/div>\n<\/div>\n<\/div><\/div>\n\n\n\n<div class=\"wp-block-cover alignfull is-light\" style=\"min-height:300px;aspect-ratio:unset;\"><span aria-hidden=\"true\" class=\"wp-block-cover__background has-base-background-color has-background-dim-100 has-background-dim\"><\/span><div class=\"wp-block-cover__inner-container is-layout-flow wp-block-cover-is-layout-flow\">\n<h2 class=\"wp-block-heading has-text-align-center has-contrast-color has-text-color\">Chercheure<\/h2>\n\n\n\n<p class=\"has-text-align-center\">Je suis \u00e9tudiante au doctorat en sciences de l\u2019orthophonie \u00e0 l\u2019Universit\u00e9 de Montr\u00e9al, sous l\u2019heureuse supervision d\u2019Ingrid Verduyckt, Ph. D, et de Lucie M\u00e9nard, Ph. D.<\/p>\n\n\n\n<p class=\"has-text-align-center\">Mes travaux de recherche se concentrent sur les repr\u00e9sentations m\u00e9diatiques de la <a href=\"https:\/\/diversitecommunicationnelle.ca\/\" target=\"_blank\" rel=\"noreferrer noopener\">diversit\u00e9 communicationnelle<\/a>, c\u2019est-\u00e0-dire la mani\u00e8re dont le b\u00e9gaiement et d\u2019autres variations de la parole, comme l\u2019aphasie ou le trouble du langage, sont repr\u00e9sent\u00e9s. En m\u2019inspirant de la philosophie de la neurodiversit\u00e9 qui c\u00e9l\u00e8bre les diff\u00e9rentes formes de fonctionnement neurologique, mon objectif est de promouvoir la valorisation des diverses formes de parole, que j\u2019appelle la diversit\u00e9 communicationnelle.<\/p>\n\n\n\n<p class=\"has-text-align-center\">Je suis membre du du Laboratoire d&#8217;innovations en orthophonie (<a href=\"https:\/\/labo4.ca\/\" target=\"_blank\" rel=\"noreferrer noopener\">Labo IV<\/a>), du Centre de recherche interdisciplinaire en r\u00e9adaptation du Montr\u00e9al m\u00e9tropolitain (<a href=\"https:\/\/can01.safelinks.protection.outlook.com\/?url=https%3A%2F%2Fcrir.ca%2F&amp;data=05%7C01%7Cgenevieve.lamoureux%40umontreal.ca%7C9556220bdb1241dfe5db08daa08cce3e%7Cd27eefec2a474be7981e0f8977fa31d8%7C1%7C0%7C637998823865308291%7CUnknown%7CTWFpbGZsb3d8eyJWIjoiMC4wLjAwMDAiLCJQIjoiV2luMzIiLCJBTiI6Ik1haWwiLCJXVCI6Mn0%3D%7C3000%7C%7C%7C&amp;sdata=5D%2BYD0W2YIS3yvNnx%2FX9I9mMShBhYsa5D7pFUwCyXEg%3D&amp;reserved=0\" target=\"_blank\" rel=\"noreferrer noopener\">CRIR<\/a>) et de l\u2019Institut universitaire sur la r\u00e9adaptation en d\u00e9ficience physique de Montr\u00e9al&nbsp;(<a href=\"https:\/\/iurdpm.ca\/fr\" target=\"_blank\" rel=\"noreferrer noopener\">IURDPM<\/a>).<\/p>\n\n\n\n<div class=\"wp-block-buttons is-content-justification-center is-layout-flex wp-container-core-buttons-is-layout-a89b3969 wp-block-buttons-is-layout-flex\">\n<div class=\"wp-block-button is-style-primary\"><a class=\"wp-block-button__link has-cyan-bluish-gray-background-color has-background wp-element-button\" href=\"https:\/\/genlamoureux.ca\/?page_id=88\">Curriculum Vitae<\/a><\/div>\n<\/div>\n<\/div><\/div>\n\n\n\n<div class=\"wp-block-cover alignfull is-light\" style=\"min-height:503px;aspect-ratio:unset;\"><span aria-hidden=\"true\" class=\"wp-block-cover__background has-base-background-color has-background-dim-100 has-background-dim\"><\/span><div class=\"wp-block-cover__inner-container is-layout-flow wp-block-cover-is-layout-flow\">\n<h2 class=\"wp-block-heading has-text-align-center has-contrast-color has-text-color\">Orthophoniste<\/h2>\n\n\n\n<p class=\"has-text-align-center\">Je suis affili\u00e9e \u00e0 la&nbsp;<a href=\"https:\/\/begaiement-bredouillement.com\/\">Clinique sp\u00e9cialis\u00e9e en <\/a><a href=\"https:\/\/begaiement-bredouillement.com\/\" target=\"_blank\" rel=\"noreferrer noopener\">b\u00e9gaiement<\/a><a href=\"https:\/\/begaiement-bredouillement.com\/\"> et bredouillement<\/a>, fond\u00e9e par ma coll\u00e8gue Judith Labont\u00e9, orthophoniste. J\u2019accompagne des personnes qui b\u00e9gaient de tous \u00e2ges \u00e0 mieux vivre avec le b\u00e9gaiement.<\/p>\n\n\n\n<p class=\"has-text-align-center\">Je travaille \u00e9galement \u00e0 l\u2019<a href=\"http:\/\/www.abcbegaiement.com\/\" target=\"_blank\" rel=\"noreferrer noopener\">Association b\u00e9gaiement communication<\/a>&nbsp;(ABC), \u00e0 titre d\u2019orthophoniste responsable de projets sp\u00e9ciaux, tels le d\u00e9veloppement de services et de programmes. \u00c9galement, avec Judith Labont\u00e9, orthophoniste, je co-produis et co-anime&nbsp;<em><a href=\"http:\/\/www.abcbegaiement.com\/podcast\" target=\"_blank\" rel=\"noreferrer noopener\">Je je je suis un podcast<\/a><\/em>, le balado de l\u2019ABC (et un des premiers balados en fran\u00e7ais sur le b\u00e9gaiement!).<\/p>\n\n\n\n<div class=\"wp-block-buttons is-content-justification-center is-layout-flex wp-container-core-buttons-is-layout-a89b3969 wp-block-buttons-is-layout-flex\">\n<div class=\"wp-block-button is-style-primary\"><a class=\"wp-block-button__link has-cyan-bluish-gray-background-color has-background wp-element-button\" href=\"https:\/\/begaiement-bredouillement.com\/\" target=\"_blank\" rel=\"noreferrer noopener\">Faire une demande d&#8217;informations ou de services<\/a><\/div>\n<\/div>\n<\/div><\/div>\n\n\n\n<div class=\"wp-block-cover alignfull is-light\" style=\"min-height:300px;aspect-ratio:unset;\"><span aria-hidden=\"true\" class=\"wp-block-cover__background has-base-background-color has-background-dim-100 has-background-dim\"><\/span><div class=\"wp-block-cover__inner-container is-layout-flow wp-block-cover-is-layout-flow\">\n<h2 class=\"wp-block-heading has-text-align-center has-contrast-color has-text-color\">Personne qui b\u00e9gaie<\/h2>\n\n\n\n<p class=\"has-text-align-center\">Je b\u00e9gaie depuis que je suis petite. Je raconte notamment mon histoire dans le premier \u00e9pisode de <em><a href=\"http:\/\/www.abcbegaiement.com\/podcast\" target=\"_blank\" rel=\"noreferrer noopener\">Je je je suis un podcast<\/a><\/em>.<\/p>\n\n\n\n<p class=\"has-text-align-center\">Contrairement aux id\u00e9es re\u00e7ues, le b\u00e9gaiement est d&#8217;origine neurod\u00e9veloppementale et pr\u00e9sente une forte composante g\u00e9n\u00e9tique. <a href=\"https:\/\/abcbegaiement.com\/wp-content\/uploads\/2021\/10\/begaiement_final.pdf\" target=\"_blank\" rel=\"noreferrer noopener\">Cette infographie<\/a> de l&#8217;ABC donne davantage d&#8217;informations sur le sujet.<\/p>\n\n\n\n<p class=\"has-text-align-center\">Je prends \u00e9galement la parole dans les m\u00e9dias pour sensibiliser au b\u00e9gaiement.<\/p>\n\n\n\n<div class=\"wp-block-buttons is-content-justification-center is-layout-flex wp-container-core-buttons-is-layout-a89b3969 wp-block-buttons-is-layout-flex\">\n<div class=\"wp-block-button is-style-primary\"><a class=\"wp-block-button__link has-cyan-bluish-gray-background-color has-background wp-element-button\" href=\"https:\/\/genlamoureux.ca\/?page_id=92\">En savoir plus sur ma pr\u00e9sence m\u00e9diatique<\/a><\/div>\n<\/div>\n\n\n\n<div style=\"height:140px\" aria-hidden=\"true\" class=\"wp-block-spacer\"><\/div>\n<\/div><\/div>\n","protected":false},"excerpt":{"rendered":"","protected":false},"author":2,"featured_media":0,"parent":0,"menu_order":0,"comment_status":"closed","ping_status":"closed","template":"","meta":{"footnotes":""},"class_list":["post-38","page","type-page","status-publish","hentry"],"yoast_head":"<!-- This site is optimized with the Yoast SEO plugin v27.5 - https:\/\/yoast.com\/product\/yoast-seo-wordpress\/ -->\n<title>Bonjour! - genlamoureux.ca<\/title>\n<meta name=\"description\" content=\"Site Web de Genevi\u00e8ve Lamoureux, chercheure, orthophoniste et personne qui b\u00e9gaie. D\u00e9couvrez son portfolio professionnel : CV, clinique et m\u00e9dias.\" \/>\n<meta name=\"robots\" content=\"index, follow, max-snippet:-1, max-image-preview:large, max-video-preview:-1\" \/>\n<link rel=\"canonical\" href=\"https:\/\/genlamoureux.ca\/\" \/>\n<meta property=\"og:locale\" content=\"en_US\" \/>\n<meta property=\"og:type\" content=\"article\" \/>\n<meta property=\"og:title\" content=\"Bonjour! - genlamoureux.ca\" \/>\n<meta property=\"og:description\" content=\"Site Web de Genevi\u00e8ve Lamoureux, chercheure, orthophoniste et personne qui b\u00e9gaie. D\u00e9couvrez son portfolio professionnel : CV, clinique et m\u00e9dias.\" \/>\n<meta property=\"og:url\" content=\"https:\/\/genlamoureux.ca\/\" \/>\n<meta property=\"og:site_name\" content=\"genlamoureux.ca\" \/>\n<meta property=\"article:modified_time\" content=\"2024-10-29T13:54:48+00:00\" \/>\n<meta property=\"og:image\" content=\"https:\/\/genlamoureux.ca\/wp-content\/uploads\/2024\/10\/Gen-indiv-2-scaled.jpg\" \/>\n\t<meta property=\"og:image:width\" content=\"2048\" \/>\n\t<meta property=\"og:image:height\" content=\"2560\" \/>\n\t<meta property=\"og:image:type\" content=\"image\/jpeg\" \/>\n<meta name=\"twitter:card\" content=\"summary_large_image\" \/>\n<meta name=\"twitter:label1\" content=\"Est. reading time\" \/>\n\t<meta name=\"twitter:data1\" content=\"2 minutes\" \/>\n<script type=\"application\/ld+json\" class=\"yoast-schema-graph\">{\"@context\":\"https:\\\/\\\/schema.org\",\"@graph\":[{\"@type\":\"WebPage\",\"@id\":\"https:\\\/\\\/genlamoureux.ca\\\/\",\"url\":\"https:\\\/\\\/genlamoureux.ca\\\/\",\"name\":\"Bonjour! - genlamoureux.ca\",\"isPartOf\":{\"@id\":\"https:\\\/\\\/genlamoureux.ca\\\/#website\"},\"primaryImageOfPage\":{\"@id\":\"https:\\\/\\\/genlamoureux.ca\\\/#primaryimage\"},\"image\":{\"@id\":\"https:\\\/\\\/genlamoureux.ca\\\/#primaryimage\"},\"thumbnailUrl\":\"https:\\\/\\\/genlamoureux.ca\\\/wp-content\\\/uploads\\\/2024\\\/10\\\/Gen-indiv-2-819x1024.jpg\",\"datePublished\":\"2023-07-19T18:51:15+00:00\",\"dateModified\":\"2024-10-29T13:54:48+00:00\",\"description\":\"Site Web de Genevi\u00e8ve Lamoureux, chercheure, orthophoniste et personne qui b\u00e9gaie. D\u00e9couvrez son portfolio professionnel : CV, clinique et m\u00e9dias.\",\"breadcrumb\":{\"@id\":\"https:\\\/\\\/genlamoureux.ca\\\/#breadcrumb\"},\"inLanguage\":\"en-US\",\"potentialAction\":[{\"@type\":\"ReadAction\",\"target\":[\"https:\\\/\\\/genlamoureux.ca\\\/\"]}]},{\"@type\":\"ImageObject\",\"inLanguage\":\"en-US\",\"@id\":\"https:\\\/\\\/genlamoureux.ca\\\/#primaryimage\",\"url\":\"https:\\\/\\\/genlamoureux.ca\\\/wp-content\\\/uploads\\\/2024\\\/10\\\/Gen-indiv-2-scaled.jpg\",\"contentUrl\":\"https:\\\/\\\/genlamoureux.ca\\\/wp-content\\\/uploads\\\/2024\\\/10\\\/Gen-indiv-2-scaled.jpg\",\"width\":2048,\"height\":2560},{\"@type\":\"BreadcrumbList\",\"@id\":\"https:\\\/\\\/genlamoureux.ca\\\/#breadcrumb\",\"itemListElement\":[{\"@type\":\"ListItem\",\"position\":1,\"name\":\"Home\",\"item\":\"https:\\\/\\\/genlamoureux.ca\\\/\"},{\"@type\":\"ListItem\",\"position\":2,\"name\":\"Bonjour!\"}]},{\"@type\":\"WebSite\",\"@id\":\"https:\\\/\\\/genlamoureux.ca\\\/#website\",\"url\":\"https:\\\/\\\/genlamoureux.ca\\\/\",\"name\":\"genlamoureux.ca\",\"description\":\"\",\"publisher\":{\"@id\":\"https:\\\/\\\/genlamoureux.ca\\\/#organization\"},\"potentialAction\":[{\"@type\":\"SearchAction\",\"target\":{\"@type\":\"EntryPoint\",\"urlTemplate\":\"https:\\\/\\\/genlamoureux.ca\\\/?s={search_term_string}\"},\"query-input\":{\"@type\":\"PropertyValueSpecification\",\"valueRequired\":true,\"valueName\":\"search_term_string\"}}],\"inLanguage\":\"en-US\"},{\"@type\":\"Organization\",\"@id\":\"https:\\\/\\\/genlamoureux.ca\\\/#organization\",\"name\":\"genlamoureux.ca\",\"url\":\"https:\\\/\\\/genlamoureux.ca\\\/\",\"logo\":{\"@type\":\"ImageObject\",\"inLanguage\":\"en-US\",\"@id\":\"https:\\\/\\\/genlamoureux.ca\\\/#\\\/schema\\\/logo\\\/image\\\/\",\"url\":\"\",\"contentUrl\":\"\",\"caption\":\"genlamoureux.ca\"},\"image\":{\"@id\":\"https:\\\/\\\/genlamoureux.ca\\\/#\\\/schema\\\/logo\\\/image\\\/\"}}]}<\/script>\n<!-- \/ Yoast SEO plugin. -->","yoast_head_json":{"title":"Bonjour! - genlamoureux.ca","description":"Site Web de Genevi\u00e8ve Lamoureux, chercheure, orthophoniste et personne qui b\u00e9gaie. D\u00e9couvrez son portfolio professionnel : CV, clinique et m\u00e9dias.","robots":{"index":"index","follow":"follow","max-snippet":"max-snippet:-1","max-image-preview":"max-image-preview:large","max-video-preview":"max-video-preview:-1"},"canonical":"https:\/\/genlamoureux.ca\/","og_locale":"en_US","og_type":"article","og_title":"Bonjour! - genlamoureux.ca","og_description":"Site Web de Genevi\u00e8ve Lamoureux, chercheure, orthophoniste et personne qui b\u00e9gaie. D\u00e9couvrez son portfolio professionnel : CV, clinique et m\u00e9dias.","og_url":"https:\/\/genlamoureux.ca\/","og_site_name":"genlamoureux.ca","article_modified_time":"2024-10-29T13:54:48+00:00","og_image":[{"width":2048,"height":2560,"url":"https:\/\/genlamoureux.ca\/wp-content\/uploads\/2024\/10\/Gen-indiv-2-scaled.jpg","type":"image\/jpeg"}],"twitter_card":"summary_large_image","twitter_misc":{"Est. reading time":"2 minutes"},"schema":{"@context":"https:\/\/schema.org","@graph":[{"@type":"WebPage","@id":"https:\/\/genlamoureux.ca\/","url":"https:\/\/genlamoureux.ca\/","name":"Bonjour! - genlamoureux.ca","isPartOf":{"@id":"https:\/\/genlamoureux.ca\/#website"},"primaryImageOfPage":{"@id":"https:\/\/genlamoureux.ca\/#primaryimage"},"image":{"@id":"https:\/\/genlamoureux.ca\/#primaryimage"},"thumbnailUrl":"https:\/\/genlamoureux.ca\/wp-content\/uploads\/2024\/10\/Gen-indiv-2-819x1024.jpg","datePublished":"2023-07-19T18:51:15+00:00","dateModified":"2024-10-29T13:54:48+00:00","description":"Site Web de Genevi\u00e8ve Lamoureux, chercheure, orthophoniste et personne qui b\u00e9gaie. D\u00e9couvrez son portfolio professionnel : CV, clinique et m\u00e9dias.","breadcrumb":{"@id":"https:\/\/genlamoureux.ca\/#breadcrumb"},"inLanguage":"en-US","potentialAction":[{"@type":"ReadAction","target":["https:\/\/genlamoureux.ca\/"]}]},{"@type":"ImageObject","inLanguage":"en-US","@id":"https:\/\/genlamoureux.ca\/#primaryimage","url":"https:\/\/genlamoureux.ca\/wp-content\/uploads\/2024\/10\/Gen-indiv-2-scaled.jpg","contentUrl":"https:\/\/genlamoureux.ca\/wp-content\/uploads\/2024\/10\/Gen-indiv-2-scaled.jpg","width":2048,"height":2560},{"@type":"BreadcrumbList","@id":"https:\/\/genlamoureux.ca\/#breadcrumb","itemListElement":[{"@type":"ListItem","position":1,"name":"Home","item":"https:\/\/genlamoureux.ca\/"},{"@type":"ListItem","position":2,"name":"Bonjour!"}]},{"@type":"WebSite","@id":"https:\/\/genlamoureux.ca\/#website","url":"https:\/\/genlamoureux.ca\/","name":"genlamoureux.ca","description":"","publisher":{"@id":"https:\/\/genlamoureux.ca\/#organization"},"potentialAction":[{"@type":"SearchAction","target":{"@type":"EntryPoint","urlTemplate":"https:\/\/genlamoureux.ca\/?s={search_term_string}"},"query-input":{"@type":"PropertyValueSpecification","valueRequired":true,"valueName":"search_term_string"}}],"inLanguage":"en-US"},{"@type":"Organization","@id":"https:\/\/genlamoureux.ca\/#organization","name":"genlamoureux.ca","url":"https:\/\/genlamoureux.ca\/","logo":{"@type":"ImageObject","inLanguage":"en-US","@id":"https:\/\/genlamoureux.ca\/#\/schema\/logo\/image\/","url":"","contentUrl":"","caption":"genlamoureux.ca"},"image":{"@id":"https:\/\/genlamoureux.ca\/#\/schema\/logo\/image\/"}}]}},"_links":{"self":[{"href":"https:\/\/genlamoureux.ca\/index.php?rest_route=\/wp\/v2\/pages\/38","targetHints":{"allow":["GET"]}}],"collection":[{"href":"https:\/\/genlamoureux.ca\/index.php?rest_route=\/wp\/v2\/pages"}],"about":[{"href":"https:\/\/genlamoureux.ca\/index.php?rest_route=\/wp\/v2\/types\/page"}],"author":[{"embeddable":true,"href":"https:\/\/genlamoureux.ca\/index.php?rest_route=\/wp\/v2\/users\/2"}],"replies":[{"embeddable":true,"href":"https:\/\/genlamoureux.ca\/index.php?rest_route=%2Fwp%2Fv2%2Fcomments&post=38"}],"version-history":[{"count":32,"href":"https:\/\/genlamoureux.ca\/index.php?rest_route=\/wp\/v2\/pages\/38\/revisions"}],"predecessor-version":[{"id":308,"href":"https:\/\/genlamoureux.ca\/index.php?rest_route=\/wp\/v2\/pages\/38\/revisions\/308"}],"wp:attachment":[{"href":"https:\/\/genlamoureux.ca\/index.php?rest_route=%2Fwp%2Fv2%2Fmedia&parent=38"}],"curies":[{"name":"wp","href":"https:\/\/api.w.org\/{rel}","templated":true}]}}